{"id":1353,"date":"2024-05-28T15:35:57","date_gmt":"2024-05-28T15:35:57","guid":{"rendered":"https:\/\/andrea-pfeil.de\/?page_id=1353"},"modified":"2024-06-01T19:33:36","modified_gmt":"2024-06-01T19:33:36","slug":"malerei-2","status":"publish","type":"page","link":"https:\/\/andrea-pfeil.de\/","title":{"rendered":"Malerei"},"content":{"rendered":"\n<div class=\"wp-block-columns is-layout-flex wp-container-core-columns-is-layout-28f84493 wp-block-columns-is-layout-flex\">\n<div class=\"wp-block-column is-layout-flow wp-block-column-is-layout-flow\">\n<figure class=\"wp-block-image size-large\"><img loading=\"lazy\" decoding=\"async\" width=\"722\" height=\"1024\" src=\"https:\/\/andrea-pfeil.de\/wp-content\/uploads\/2023\/07\/andrea-pfeil-de-triptychon-100-140-1-722x1024.jpeg\" alt=\"Andrea Pfeil Farbmalerei Triptychon\" class=\"wp-image-55\" srcset=\"https:\/\/andrea-pfeil.de\/wp-content\/uploads\/2023\/07\/andrea-pfeil-de-triptychon-100-140-1-722x1024.jpeg 722w, https:\/\/andrea-pfeil.de\/wp-content\/uploads\/2023\/07\/andrea-pfeil-de-triptychon-100-140-1-211x300.jpeg 211w, https:\/\/andrea-pfeil.de\/wp-content\/uploads\/2023\/07\/andrea-pfeil-de-triptychon-100-140-1-768x1090.jpeg 768w, https:\/\/andrea-pfeil.de\/wp-content\/uploads\/2023\/07\/andrea-pfeil-de-triptychon-100-140-1.jpeg 900w\" sizes=\"auto, (max-width: 722px) 100vw, 722px\" \/><figcaption class=\"wp-element-caption\">Triptychon I, Acryl auf Leinwand, <br>140 * 100 cm<\/figcaption><\/figure>\n<\/div>\n\n\n\n<div class=\"wp-block-column is-layout-flow wp-block-column-is-layout-flow\">\n<figure class=\"wp-block-image size-large\"><img loading=\"lazy\" decoding=\"async\" width=\"730\" height=\"1024\" src=\"https:\/\/andrea-pfeil.de\/wp-content\/uploads\/2023\/07\/andrea-pfeil-de-triptychon-100-140-2-730x1024.jpeg\" alt=\"Andrea Pfeil Farbmalerei Triptychon\" class=\"wp-image-56\" srcset=\"https:\/\/andrea-pfeil.de\/wp-content\/uploads\/2023\/07\/andrea-pfeil-de-triptychon-100-140-2-730x1024.jpeg 730w, https:\/\/andrea-pfeil.de\/wp-content\/uploads\/2023\/07\/andrea-pfeil-de-triptychon-100-140-2-214x300.jpeg 214w, https:\/\/andrea-pfeil.de\/wp-content\/uploads\/2023\/07\/andrea-pfeil-de-triptychon-100-140-2-768x1077.jpeg 768w, https:\/\/andrea-pfeil.de\/wp-content\/uploads\/2023\/07\/andrea-pfeil-de-triptychon-100-140-2.jpeg 900w\" sizes=\"auto, (max-width: 730px) 100vw, 730px\" \/><figcaption class=\"wp-element-caption\">Triptychon II, Acryl auf Leinwand, <br>140 * 100 cm<\/figcaption><\/figure>\n<\/div>\n\n\n\n<div class=\"wp-block-column is-layout-flow wp-block-column-is-layout-flow\">\n<figure class=\"wp-block-image size-large\"><img loading=\"lazy\" decoding=\"async\" width=\"729\" height=\"1024\" src=\"https:\/\/andrea-pfeil.de\/wp-content\/uploads\/2023\/07\/andrea-pfeil-de-triptychon-100-140-3-729x1024.jpeg\" alt=\"Andrea Pfeil Farbmalerei Triptychon\" class=\"wp-image-57\" srcset=\"https:\/\/andrea-pfeil.de\/wp-content\/uploads\/2023\/07\/andrea-pfeil-de-triptychon-100-140-3-729x1024.jpeg 729w, https:\/\/andrea-pfeil.de\/wp-content\/uploads\/2023\/07\/andrea-pfeil-de-triptychon-100-140-3-214x300.jpeg 214w, https:\/\/andrea-pfeil.de\/wp-content\/uploads\/2023\/07\/andrea-pfeil-de-triptychon-100-140-3-768x1079.jpeg 768w, https:\/\/andrea-pfeil.de\/wp-content\/uploads\/2023\/07\/andrea-pfeil-de-triptychon-100-140-3.jpeg 900w\" sizes=\"auto, (max-width: 729px) 100vw, 729px\" \/><figcaption class=\"wp-element-caption\">Triptychon III, Acryl auf Leinwand,<br>140 * 100 cm<\/figcaption><\/figure>\n<\/div>\n<\/div>\n\n\n\n<h3 class=\"wp-block-heading\">Schwingungen<\/h3>\n\n\n\n<p style=\"font-size:16px\">Gestische Pinselstriche, Kraftspuren und Farben, die zum Betrachter sprechen. Pure Lebendigkeit spricht aus der Malerei der neuesten Schaffensperiode. Die Kraft der Farbe(n) auf der Grundlage von kreativer Energie. <\/p>\n\n\n\n<div class=\"wp-block-columns is-layout-flex wp-container-core-columns-is-layout-28f84493 wp-block-columns-is-layout-flex\">\n<div class=\"wp-block-column is-layout-flow wp-block-column-is-layout-flow\">\n<figure class=\"wp-block-image size-large\"><img loading=\"lazy\" decoding=\"async\" width=\"741\" height=\"1024\" src=\"https:\/\/andrea-pfeil.de\/wp-content\/uploads\/2023\/07\/andrea-pfeil-de28-741x1024.jpeg\" alt=\"Andrea Pfeil Farbmalerei Gestisch\" class=\"wp-image-37\" srcset=\"https:\/\/andrea-pfeil.de\/wp-content\/uploads\/2023\/07\/andrea-pfeil-de28-741x1024.jpeg 741w, https:\/\/andrea-pfeil.de\/wp-content\/uploads\/2023\/07\/andrea-pfeil-de28-217x300.jpeg 217w, https:\/\/andrea-pfeil.de\/wp-content\/uploads\/2023\/07\/andrea-pfeil-de28-768x1062.jpeg 768w, https:\/\/andrea-pfeil.de\/wp-content\/uploads\/2023\/07\/andrea-pfeil-de28.jpeg 900w\" sizes=\"auto, (max-width: 741px) 100vw, 741px\" \/><figcaption class=\"wp-element-caption\">Acryl auf Leinwand, 160 * 120 cm<\/figcaption><\/figure>\n<\/div>\n\n\n\n<div class=\"wp-block-column is-layout-flow wp-block-column-is-layout-flow\">\n<figure class=\"wp-block-image size-large\"><img loading=\"lazy\" decoding=\"async\" width=\"737\" height=\"1024\" src=\"https:\/\/andrea-pfeil.de\/wp-content\/uploads\/2023\/07\/andrea-pfeil-de-100-140-2-orange-737x1024.jpeg\" alt=\"Andrea Pfeil Farbmalerei intensiv\" class=\"wp-image-43\" srcset=\"https:\/\/andrea-pfeil.de\/wp-content\/uploads\/2023\/07\/andrea-pfeil-de-100-140-2-orange-737x1024.jpeg 737w, https:\/\/andrea-pfeil.de\/wp-content\/uploads\/2023\/07\/andrea-pfeil-de-100-140-2-orange-216x300.jpeg 216w, https:\/\/andrea-pfeil.de\/wp-content\/uploads\/2023\/07\/andrea-pfeil-de-100-140-2-orange-768x1067.jpeg 768w, https:\/\/andrea-pfeil.de\/wp-content\/uploads\/2023\/07\/andrea-pfeil-de-100-140-2-orange.jpeg 900w\" sizes=\"auto, (max-width: 737px) 100vw, 737px\" \/><figcaption class=\"wp-element-caption\">Acryl auf Leinwand, 140 * 100 cm<\/figcaption><\/figure>\n<\/div>\n\n\n\n<div class=\"wp-block-column is-layout-flow wp-block-column-is-layout-flow\">\n<figure class=\"wp-block-image size-large\"><img loading=\"lazy\" decoding=\"async\" width=\"747\" height=\"1024\" src=\"https:\/\/andrea-pfeil.de\/wp-content\/uploads\/2023\/07\/andrea-pfeil-de-100-140-1-747x1024.jpeg\" alt=\"Andrea Pfeil Farbmalerei\" class=\"wp-image-42\" srcset=\"https:\/\/andrea-pfeil.de\/wp-content\/uploads\/2023\/07\/andrea-pfeil-de-100-140-1-747x1024.jpeg 747w, https:\/\/andrea-pfeil.de\/wp-content\/uploads\/2023\/07\/andrea-pfeil-de-100-140-1-219x300.jpeg 219w, https:\/\/andrea-pfeil.de\/wp-content\/uploads\/2023\/07\/andrea-pfeil-de-100-140-1-768x1052.jpeg 768w, https:\/\/andrea-pfeil.de\/wp-content\/uploads\/2023\/07\/andrea-pfeil-de-100-140-1.jpeg 900w\" sizes=\"auto, (max-width: 747px) 100vw, 747px\" \/><figcaption class=\"wp-element-caption\">Acryl auf Leinwand, 140 * 100 cm<\/figcaption><\/figure>\n<\/div>\n<\/div>\n\n\n\n<div class=\"wp-block-columns is-layout-flex wp-container-core-columns-is-layout-28f84493 wp-block-columns-is-layout-flex\">\n<div class=\"wp-block-column is-layout-flow wp-block-column-is-layout-flow\"><div class=\"wp-block-image\">\n<figure class=\"aligncenter size-large is-resized\"><img loading=\"lazy\" decoding=\"async\" width=\"826\" height=\"1024\" src=\"https:\/\/andrea-pfeil.de\/wp-content\/uploads\/2023\/07\/andrea-pfeil-de9-826x1024.jpeg\" alt=\"Andrea Pfeil Farbmalerei Gestisch\" class=\"wp-image-30\" style=\"width:280px;height:339px\" srcset=\"https:\/\/andrea-pfeil.de\/wp-content\/uploads\/2023\/07\/andrea-pfeil-de9-826x1024.jpeg 826w, https:\/\/andrea-pfeil.de\/wp-content\/uploads\/2023\/07\/andrea-pfeil-de9-242x300.jpeg 242w, https:\/\/andrea-pfeil.de\/wp-content\/uploads\/2023\/07\/andrea-pfeil-de9-768x952.jpeg 768w, https:\/\/andrea-pfeil.de\/wp-content\/uploads\/2023\/07\/andrea-pfeil-de9.jpeg 968w\" sizes=\"auto, (max-width: 826px) 100vw, 826px\" \/><figcaption class=\"wp-element-caption\">Water Elements, Acryl auf Leinwand, <br>120 * 100 cm<\/figcaption><\/figure>\n<\/div><\/div>\n\n\n\n<div class=\"wp-block-column is-layout-flow wp-block-column-is-layout-flow\"><div class=\"wp-block-image\">\n<figure class=\"aligncenter size-large is-resized\"><img loading=\"lazy\" decoding=\"async\" width=\"789\" height=\"1024\" src=\"https:\/\/andrea-pfeil.de\/wp-content\/uploads\/2023\/07\/andrea-pfeil-de8-789x1024.jpeg\" alt=\"Andrea Pfeil Farbmalerei Gestisch\" class=\"wp-image-29\" style=\"width:280px;height:339px\" srcset=\"https:\/\/andrea-pfeil.de\/wp-content\/uploads\/2023\/07\/andrea-pfeil-de8-789x1024.jpeg 789w, https:\/\/andrea-pfeil.de\/wp-content\/uploads\/2023\/07\/andrea-pfeil-de8-231x300.jpeg 231w, https:\/\/andrea-pfeil.de\/wp-content\/uploads\/2023\/07\/andrea-pfeil-de8-768x996.jpeg 768w, https:\/\/andrea-pfeil.de\/wp-content\/uploads\/2023\/07\/andrea-pfeil-de8.jpeg 925w\" sizes=\"auto, (max-width: 789px) 100vw, 789px\" \/><figcaption class=\"wp-element-caption\">Water Elements, Acryl auf Leinwand, <br>120 * 100 cm<\/figcaption><\/figure>\n<\/div><\/div>\n\n\n\n<div class=\"wp-block-column is-layout-flow wp-block-column-is-layout-flow\"><div class=\"wp-block-image\">\n<figure class=\"aligncenter size-large is-resized\"><img loading=\"lazy\" decoding=\"async\" width=\"623\" height=\"1024\" src=\"https:\/\/andrea-pfeil.de\/wp-content\/uploads\/2023\/08\/andrea-pfeil-stringsmagenta-105x60cm-mischtechnik-623x1024.jpeg\" alt=\"\" class=\"wp-image-1128\" style=\"object-fit:cover;width:265px;height:339px\" srcset=\"https:\/\/andrea-pfeil.de\/wp-content\/uploads\/2023\/08\/andrea-pfeil-stringsmagenta-105x60cm-mischtechnik-623x1024.jpeg 623w, https:\/\/andrea-pfeil.de\/wp-content\/uploads\/2023\/08\/andrea-pfeil-stringsmagenta-105x60cm-mischtechnik-183x300.jpeg 183w, https:\/\/andrea-pfeil.de\/wp-content\/uploads\/2023\/08\/andrea-pfeil-stringsmagenta-105x60cm-mischtechnik-768x1262.jpeg 768w, https:\/\/andrea-pfeil.de\/wp-content\/uploads\/2023\/08\/andrea-pfeil-stringsmagenta-105x60cm-mischtechnik.jpeg 779w\" sizes=\"auto, (max-width: 623px) 100vw, 623px\" \/><figcaption class=\"wp-element-caption\">Strings Magenta, Mischtechnik auf Leinwand, 105 x 60 cm<\/figcaption><\/figure>\n<\/div><\/div>\n<\/div>\n\n\n\n<div class=\"wp-block-columns is-layout-flex wp-container-core-columns-is-layout-28f84493 wp-block-columns-is-layout-flex\">\n<div class=\"wp-block-column is-vertically-aligned-center is-layout-flow wp-block-column-is-layout-flow\"><div class=\"wp-block-image\">\n<figure class=\"aligncenter size-medium is-resized\"><img loading=\"lazy\" decoding=\"async\" width=\"300\" height=\"190\" src=\"https:\/\/andrea-pfeil.de\/wp-content\/uploads\/2023\/09\/Strings-yellow-60105-cm-Mischtechnik-auf-Leinwand-300x190.jpeg\" alt=\"\" class=\"wp-image-1191\" style=\"width:auto;height:270px\" srcset=\"https:\/\/andrea-pfeil.de\/wp-content\/uploads\/2023\/09\/Strings-yellow-60105-cm-Mischtechnik-auf-Leinwand-300x190.jpeg 300w, https:\/\/andrea-pfeil.de\/wp-content\/uploads\/2023\/09\/Strings-yellow-60105-cm-Mischtechnik-auf-Leinwand-1024x650.jpeg 1024w, https:\/\/andrea-pfeil.de\/wp-content\/uploads\/2023\/09\/Strings-yellow-60105-cm-Mischtechnik-auf-Leinwand-768x487.jpeg 768w, https:\/\/andrea-pfeil.de\/wp-content\/uploads\/2023\/09\/Strings-yellow-60105-cm-Mischtechnik-auf-Leinwand-1140x723.jpeg 1140w, https:\/\/andrea-pfeil.de\/wp-content\/uploads\/2023\/09\/Strings-yellow-60105-cm-Mischtechnik-auf-Leinwand.jpeg 1299w\" sizes=\"auto, (max-width: 300px) 100vw, 300px\" \/><figcaption class=\"wp-element-caption\">Strings yellow, Mischtechnik auf Leinwand, 60*105 cm<\/figcaption><\/figure>\n<\/div><\/div>\n\n\n\n<div class=\"wp-block-column is-vertically-aligned-center is-layout-flow wp-block-column-is-layout-flow\"><div class=\"wp-block-image\">\n<figure class=\"aligncenter size-medium is-resized\"><img loading=\"lazy\" decoding=\"async\" width=\"300\" height=\"183\" src=\"https:\/\/andrea-pfeil.de\/wp-content\/uploads\/2023\/09\/Strings-blue-60105-cm-Mischtechnik-auf-Leinwand-300x183.jpeg\" alt=\"\" class=\"wp-image-1189\" style=\"width:auto;height:270px\" srcset=\"https:\/\/andrea-pfeil.de\/wp-content\/uploads\/2023\/09\/Strings-blue-60105-cm-Mischtechnik-auf-Leinwand-300x183.jpeg 300w, https:\/\/andrea-pfeil.de\/wp-content\/uploads\/2023\/09\/Strings-blue-60105-cm-Mischtechnik-auf-Leinwand-1024x625.jpeg 1024w, https:\/\/andrea-pfeil.de\/wp-content\/uploads\/2023\/09\/Strings-blue-60105-cm-Mischtechnik-auf-Leinwand-768x469.jpeg 768w, https:\/\/andrea-pfeil.de\/wp-content\/uploads\/2023\/09\/Strings-blue-60105-cm-Mischtechnik-auf-Leinwand-1140x696.jpeg 1140w, https:\/\/andrea-pfeil.de\/wp-content\/uploads\/2023\/09\/Strings-blue-60105-cm-Mischtechnik-auf-Leinwand.jpeg 1299w\" sizes=\"auto, (max-width: 300px) 100vw, 300px\" \/><figcaption class=\"wp-element-caption\">Strings blue, Mischtechnik auf Leinwand, 60*105 cm<\/figcaption><\/figure>\n<\/div><\/div>\n<\/div>\n\n\n\n<h3 class=\"wp-block-heading\">Balance<\/h3>\n\n\n\n<p style=\"font-size:16px\">Farbmalerei kann auch ein Spiel sein zwischen Farbe und Raum, zwischen den einzelnen Farben. Ein Spiel, ein Hin-und-Her, das sich zwischen Ruhe und Dynamik bewegt, zwischen der Illusion eines Bildraums, dem Eindruck von Ruhe oder einer Ahnung von Landschaft.<\/p>\n\n\n\n<div class=\"wp-block-columns is-layout-flex wp-container-core-columns-is-layout-28f84493 wp-block-columns-is-layout-flex\">\n<div class=\"wp-block-column is-layout-flow wp-block-column-is-layout-flow\"><div class=\"wp-block-image\">\n<figure class=\"aligncenter size-medium is-resized\"><img loading=\"lazy\" decoding=\"async\" width=\"300\" height=\"244\" src=\"https:\/\/andrea-pfeil.de\/wp-content\/uploads\/2023\/07\/andrea-pfeil-de45-300x244.jpeg\" alt=\"Andrea Pfeil Farbmalerei Gestisch\" class=\"wp-image-40\" style=\"width:auto;height:300px\" srcset=\"https:\/\/andrea-pfeil.de\/wp-content\/uploads\/2023\/07\/andrea-pfeil-de45-300x244.jpeg 300w, https:\/\/andrea-pfeil.de\/wp-content\/uploads\/2023\/07\/andrea-pfeil-de45-1024x831.jpeg 1024w, https:\/\/andrea-pfeil.de\/wp-content\/uploads\/2023\/07\/andrea-pfeil-de45-768x623.jpeg 768w, https:\/\/andrea-pfeil.de\/wp-content\/uploads\/2023\/07\/andrea-pfeil-de45.jpeg 1200w\" sizes=\"auto, (max-width: 300px) 100vw, 300px\" \/><figcaption class=\"wp-element-caption\">Acryl auf Leinwand, 100 * 120 cm<\/figcaption><\/figure>\n<\/div><\/div>\n\n\n\n<div class=\"wp-block-column is-layout-flow wp-block-column-is-layout-flow\"><div class=\"wp-block-image\">\n<figure class=\"aligncenter size-medium is-resized\"><img loading=\"lazy\" decoding=\"async\" width=\"300\" height=\"225\" src=\"https:\/\/andrea-pfeil.de\/wp-content\/uploads\/2023\/07\/andrea-pfeil-de61-300x225.jpg\" alt=\"Andrea Pfeil Farbmalerei\" class=\"wp-image-41\" style=\"width:auto;height:300px\" srcset=\"https:\/\/andrea-pfeil.de\/wp-content\/uploads\/2023\/07\/andrea-pfeil-de61-300x225.jpg 300w, https:\/\/andrea-pfeil.de\/wp-content\/uploads\/2023\/07\/andrea-pfeil-de61-1024x768.jpg 1024w, https:\/\/andrea-pfeil.de\/wp-content\/uploads\/2023\/07\/andrea-pfeil-de61-768x576.jpg 768w, https:\/\/andrea-pfeil.de\/wp-content\/uploads\/2023\/07\/andrea-pfeil-de61.jpg 1200w\" sizes=\"auto, (max-width: 300px) 100vw, 300px\" \/><figcaption class=\"wp-element-caption\">Acryl auf Leinwand, 100 * 120 cm<\/figcaption><\/figure>\n<\/div><\/div>\n<\/div>\n\n\n\n<div class=\"wp-block-columns is-layout-flex wp-container-core-columns-is-layout-28f84493 wp-block-columns-is-layout-flex\">\n<div class=\"wp-block-column is-vertically-aligned-center is-layout-flow wp-block-column-is-layout-flow\"><div class=\"wp-block-image\">\n<figure class=\"aligncenter size-medium is-resized\"><img loading=\"lazy\" decoding=\"async\" width=\"300\" height=\"226\" src=\"https:\/\/andrea-pfeil.de\/wp-content\/uploads\/2023\/07\/andrea-pfeil-de44-300x226.jpeg\" alt=\"Andrea Pfeil Farbmalerei Gestisch\" class=\"wp-image-39\" style=\"width:auto;height:280px\" srcset=\"https:\/\/andrea-pfeil.de\/wp-content\/uploads\/2023\/07\/andrea-pfeil-de44-300x226.jpeg 300w, https:\/\/andrea-pfeil.de\/wp-content\/uploads\/2023\/07\/andrea-pfeil-de44-1024x771.jpeg 1024w, https:\/\/andrea-pfeil.de\/wp-content\/uploads\/2023\/07\/andrea-pfeil-de44-768x579.jpeg 768w, https:\/\/andrea-pfeil.de\/wp-content\/uploads\/2023\/07\/andrea-pfeil-de44.jpeg 1200w\" sizes=\"auto, (max-width: 300px) 100vw, 300px\" \/><figcaption class=\"wp-element-caption\">Acryl auf Leinwand, 100 * 120 cm<\/figcaption><\/figure>\n<\/div><\/div>\n\n\n\n<div class=\"wp-block-column is-vertically-aligned-center is-layout-flow wp-block-column-is-layout-flow\"><div class=\"wp-block-image\">\n<figure class=\"aligncenter size-medium is-resized\"><img loading=\"lazy\" decoding=\"async\" width=\"300\" height=\"225\" src=\"https:\/\/andrea-pfeil.de\/wp-content\/uploads\/2023\/07\/andrea-pfeil-de-streifen-300x225.jpg\" alt=\"Andrea Pfeil Farbmalerei Streifen\" class=\"wp-image-54\" style=\"width:auto;height:280px\" srcset=\"https:\/\/andrea-pfeil.de\/wp-content\/uploads\/2023\/07\/andrea-pfeil-de-streifen-300x225.jpg 300w, https:\/\/andrea-pfeil.de\/wp-content\/uploads\/2023\/07\/andrea-pfeil-de-streifen-1024x768.jpg 1024w, https:\/\/andrea-pfeil.de\/wp-content\/uploads\/2023\/07\/andrea-pfeil-de-streifen-768x576.jpg 768w, https:\/\/andrea-pfeil.de\/wp-content\/uploads\/2023\/07\/andrea-pfeil-de-streifen.jpg 1200w\" sizes=\"auto, (max-width: 300px) 100vw, 300px\" \/><figcaption class=\"wp-element-caption\">Acryl auf Leinwand, 100 * 120 cm<\/figcaption><\/figure>\n<\/div><\/div>\n<\/div>\n\n\n\n<h3 class=\"wp-block-heading\">Emotions<\/h3>\n\n\n\n<p style=\"font-size:16px\">K\u00f6rper und K\u00f6rperlichkeit&nbsp;&#8211; schablonenhafte und k\u00f6rperliche Figuren verschwimmen malerisch in den Formen und l\u00f6sen die Figur auf. Die Linie ist kein rein formales Mittel zur Reduktion. Sie wird zum Ausgangspunkt der Bildgestaltung, gemeinsam mit der Kraft der Farbe. <br>Technisch entstehen die Arbeiten in Acryl, in einer lasierenden Technik auf reinem, unbehandelten Leinen, erg\u00e4nzt durch Spachtel und \u00d6lkreide.&nbsp;<\/p>\n\n\n\n<div class=\"wp-block-columns is-layout-flex wp-container-core-columns-is-layout-28f84493 wp-block-columns-is-layout-flex\">\n<div class=\"wp-block-column is-layout-flow wp-block-column-is-layout-flow\"><div class=\"wp-block-image\">\n<figure class=\"aligncenter size-large\"><img loading=\"lazy\" decoding=\"async\" width=\"768\" height=\"1024\" src=\"https:\/\/andrea-pfeil.de\/wp-content\/uploads\/2023\/07\/andrea-pfeil-de-emotions3-768x1024.jpeg\" alt=\"Andrea Pfeil Farbmalerei emotional\" class=\"wp-image-23\" srcset=\"https:\/\/andrea-pfeil.de\/wp-content\/uploads\/2023\/07\/andrea-pfeil-de-emotions3-768x1024.jpeg 768w, https:\/\/andrea-pfeil.de\/wp-content\/uploads\/2023\/07\/andrea-pfeil-de-emotions3-225x300.jpeg 225w, https:\/\/andrea-pfeil.de\/wp-content\/uploads\/2023\/07\/andrea-pfeil-de-emotions3.jpeg 900w\" sizes=\"auto, (max-width: 768px) 100vw, 768px\" \/><figcaption class=\"wp-element-caption\">Acryl auf Leinwand, 110 * 140 cm<\/figcaption><\/figure>\n<\/div><\/div>\n\n\n\n<div class=\"wp-block-column is-layout-flow wp-block-column-is-layout-flow\">\n<figure class=\"wp-block-image size-large\"><img loading=\"lazy\" decoding=\"async\" width=\"768\" height=\"1024\" src=\"https:\/\/andrea-pfeil.de\/wp-content\/uploads\/2024\/06\/andrea-gambe-2-768x1024.jpg\" alt=\"\" class=\"wp-image-1548\" srcset=\"https:\/\/andrea-pfeil.de\/wp-content\/uploads\/2024\/06\/andrea-gambe-2-768x1023.jpg 768w, https:\/\/andrea-pfeil.de\/wp-content\/uploads\/2024\/06\/andrea-gambe-2-225x300.jpg 225w, https:\/\/andrea-pfeil.de\/wp-content\/uploads\/2024\/06\/andrea-gambe-2.jpg 827w\" sizes=\"auto, (max-width: 768px) 100vw, 768px\" \/><figcaption class=\"wp-element-caption\">Acryl auf Leinwand, 135 * 100 cm<\/figcaption><\/figure>\n<\/div>\n\n\n\n<div class=\"wp-block-column is-layout-flow wp-block-column-is-layout-flow\"><div class=\"wp-block-image\">\n<figure class=\"aligncenter size-large is-resized\"><img loading=\"lazy\" decoding=\"async\" width=\"783\" height=\"1024\" src=\"https:\/\/andrea-pfeil.de\/wp-content\/uploads\/2023\/07\/andrea-pfeil-de-emotions1-783x1024.jpeg\" alt=\"Andrea Pfeil Farbmalerei emotional\" class=\"wp-image-21\" style=\"width:268px;height:auto\" srcset=\"https:\/\/andrea-pfeil.de\/wp-content\/uploads\/2023\/07\/andrea-pfeil-de-emotions1-783x1024.jpeg 783w, https:\/\/andrea-pfeil.de\/wp-content\/uploads\/2023\/07\/andrea-pfeil-de-emotions1-229x300.jpeg 229w, https:\/\/andrea-pfeil.de\/wp-content\/uploads\/2023\/07\/andrea-pfeil-de-emotions1-768x1005.jpeg 768w, https:\/\/andrea-pfeil.de\/wp-content\/uploads\/2023\/07\/andrea-pfeil-de-emotions1.jpeg 917w\" sizes=\"auto, (max-width: 783px) 100vw, 783px\" \/><figcaption class=\"wp-element-caption\">Acryl auf Leinwand, 135 * 115 cm<\/figcaption><\/figure>\n<\/div><\/div>\n<\/div>\n\n\n\n<div class=\"wp-block-columns is-layout-flex wp-container-core-columns-is-layout-28f84493 wp-block-columns-is-layout-flex\">\n<div class=\"wp-block-column is-layout-flow wp-block-column-is-layout-flow\" style=\"flex-basis:25%\"><div class=\"wp-block-image\">\n<figure class=\"aligncenter size-large is-resized\"><img loading=\"lazy\" decoding=\"async\" width=\"768\" height=\"1024\" src=\"https:\/\/andrea-pfeil.de\/wp-content\/uploads\/2023\/07\/andrea-pfeil-de-emotions4-768x1024.jpg\" alt=\"Andrea Pfeil Farbmalerei emotional\" class=\"wp-image-24\" style=\"width:auto;height:300px\" srcset=\"https:\/\/andrea-pfeil.de\/wp-content\/uploads\/2023\/07\/andrea-pfeil-de-emotions4-768x1024.jpg 768w, https:\/\/andrea-pfeil.de\/wp-content\/uploads\/2023\/07\/andrea-pfeil-de-emotions4-225x300.jpg 225w, https:\/\/andrea-pfeil.de\/wp-content\/uploads\/2023\/07\/andrea-pfeil-de-emotions4.jpg 900w\" sizes=\"auto, (max-width: 768px) 100vw, 768px\" \/><figcaption class=\"wp-element-caption\">Acryl auf Leinwand, <br>135 * 105 cm<\/figcaption><\/figure>\n<\/div><\/div>\n\n\n\n<div class=\"wp-block-column is-layout-flow wp-block-column-is-layout-flow\" style=\"flex-basis:50%\"><div class=\"wp-block-image\">\n<figure class=\"aligncenter size-large is-resized\"><img loading=\"lazy\" decoding=\"async\" width=\"1024\" height=\"696\" src=\"https:\/\/andrea-pfeil.de\/wp-content\/uploads\/2024\/05\/andrea-pfeil-de-emotions-110-160-1024x696.jpeg\" alt=\"\" class=\"wp-image-1525\" style=\"width:auto;height:300px\" srcset=\"https:\/\/andrea-pfeil.de\/wp-content\/uploads\/2024\/05\/andrea-pfeil-de-emotions-110-160-1024x696.jpeg 1024w, https:\/\/andrea-pfeil.de\/wp-content\/uploads\/2024\/05\/andrea-pfeil-de-emotions-110-160-300x204.jpeg 300w, https:\/\/andrea-pfeil.de\/wp-content\/uploads\/2024\/05\/andrea-pfeil-de-emotions-110-160-768x522.jpeg 768w, https:\/\/andrea-pfeil.de\/wp-content\/uploads\/2024\/05\/andrea-pfeil-de-emotions-110-160-1140x775.jpeg 1140w, https:\/\/andrea-pfeil.de\/wp-content\/uploads\/2024\/05\/andrea-pfeil-de-emotions-110-160.jpeg 1233w\" sizes=\"auto, (max-width: 1024px) 100vw, 1024px\" \/><figcaption class=\"wp-element-caption\">Acryl auf Leinwand, 110 * 160 cm<\/figcaption><\/figure>\n<\/div><\/div>\n\n\n\n<div class=\"wp-block-column is-layout-flow wp-block-column-is-layout-flow\" style=\"flex-basis:25%\"><div class=\"wp-block-image\">\n<figure class=\"aligncenter size-large is-resized\"><img loading=\"lazy\" decoding=\"async\" width=\"768\" height=\"1024\" src=\"https:\/\/andrea-pfeil.de\/wp-content\/uploads\/2023\/07\/andrea-pfeil-de-emotions5-768x1024.jpg\" alt=\"Andrea Pfeil Farbmalerei emotional\" class=\"wp-image-25\" style=\"width:auto;height:300px\" srcset=\"https:\/\/andrea-pfeil.de\/wp-content\/uploads\/2023\/07\/andrea-pfeil-de-emotions5-768x1024.jpg 768w, https:\/\/andrea-pfeil.de\/wp-content\/uploads\/2023\/07\/andrea-pfeil-de-emotions5-225x300.jpg 225w, https:\/\/andrea-pfeil.de\/wp-content\/uploads\/2023\/07\/andrea-pfeil-de-emotions5.jpg 900w\" sizes=\"auto, (max-width: 768px) 100vw, 768px\" \/><figcaption class=\"wp-element-caption\">Acryl auf Leinwand, <br>135 * 100 cm<\/figcaption><\/figure>\n<\/div><\/div>\n<\/div>\n\n\n\n<h3 class=\"wp-block-heading\">Farb-Dialoge<\/h3>\n\n\n\n<p style=\"font-size:16px\">In Andrea Pfeils Bildern werden Farben zu Gespr\u00e4chspartnern. Das Gelb wird so gut vernommen, weil der violette Nachbar es st\u00fctzt. Das Orange leuchtet und klingt so sch\u00f6n hell, weil es neben dem dunklen Blaus noch st\u00e4rker erstrahlen kann. In dieser Serie sprechen die Farben aus den Bildern zu uns, weil sie untereinander im regen Dialog von Kontrast und \u00c4hnlichkeit stehen.<br>Klicken Sie durch die Galerie.<\/p>\n\n\n\nngg_shortcode_0_placeholder\n\n\n\n<h3 class=\"wp-block-heading\"><\/h3>\n","protected":false},"excerpt":{"rendered":"<p>Schwingungen Gestische Pinselstriche, Kraftspuren und Farben, die zum Betrachter sprechen. Pure Lebendigkeit spricht aus der Malerei der neuesten Schaffensperiode. Die Kraft der Farbe(n) auf der Grundlage von kreativer Energie. Balance Farbmalerei kann auch ein Spiel sein zwischen Farbe und Raum, zwischen den einzelnen Farben. Ein Spiel, ein Hin-und-Her, das sich zwischen Ruhe und Dynamik bewegt, zwischen der Illusion eines Bildraums, dem Eindruck von Ruhe oder einer Ahnung von Landschaft. Emotions K\u00f6rper und K\u00f6rperlichkeit&nbsp;&#8211; schablonenhafte und k\u00f6rperliche Figuren verschwimmen malerisch in den Formen und l\u00f6sen die Figur auf. Die Linie ist kein rein formales Mittel zur Reduktion. Sie wird zum Ausgangspunkt der Bildgestaltung, gemeinsam mit der Kraft der Farbe. Technisch entstehen die Arbeiten in Acryl, in einer lasierenden Technik auf reinem, unbehandelten Leinen, erg\u00e4nzt durch Spachtel und \u00d6lkreide.&nbsp; Farb-Dialoge In Andrea Pfeils Bildern werden Farben zu Gespr\u00e4chspartnern. Das Gelb wird so gut vernommen, weil der violette Nachbar es st\u00fctzt. Das Orange leuchtet und klingt so sch\u00f6n hell, weil es neben dem dunklen Blaus noch st\u00e4rker erstrahlen kann. In dieser Serie sprechen die Farben aus den Bildern zu uns, weil sie untereinander im regen Dialog von Kontrast und \u00c4hnlichkeit stehen.Klicken Sie durch die Galerie.<\/p>\n","protected":false},"author":1,"featured_media":0,"parent":0,"menu_order":0,"comment_status":"closed","ping_status":"closed","template":"","meta":{"ngg_post_thumbnail":0,"footnotes":""},"class_list":["post-1353","page","type-page","status-publish","hentry"],"_links":{"self":[{"href":"https:\/\/andrea-pfeil.de\/index.php?rest_route=\/wp\/v2\/pages\/1353","targetHints":{"allow":["GET"]}}],"collection":[{"href":"https:\/\/andrea-pfeil.de\/index.php?rest_route=\/wp\/v2\/pages"}],"about":[{"href":"https:\/\/andrea-pfeil.de\/index.php?rest_route=\/wp\/v2\/types\/page"}],"author":[{"embeddable":true,"href":"https:\/\/andrea-pfeil.de\/index.php?rest_route=\/wp\/v2\/users\/1"}],"replies":[{"embeddable":true,"href":"https:\/\/andrea-pfeil.de\/index.php?rest_route=%2Fwp%2Fv2%2Fcomments&post=1353"}],"version-history":[{"count":46,"href":"https:\/\/andrea-pfeil.de\/index.php?rest_route=\/wp\/v2\/pages\/1353\/revisions"}],"predecessor-version":[{"id":1560,"href":"https:\/\/andrea-pfeil.de\/index.php?rest_route=\/wp\/v2\/pages\/1353\/revisions\/1560"}],"wp:attachment":[{"href":"https:\/\/andrea-pfeil.de\/index.php?rest_route=%2Fwp%2Fv2%2Fmedia&parent=1353"}],"curies":[{"name":"wp","href":"https:\/\/api.w.org\/{rel}","templated":true}]}}